{"id":1017,"date":"2021-04-14T12:08:56","date_gmt":"2021-04-14T16:08:56","guid":{"rendered":"https:\/\/www.leviosa.ca\/clients\/saccadewp\/?post_type=product&#038;p=1017"},"modified":"2022-12-05T15:56:29","modified_gmt":"2022-12-05T19:56:29","slug":"tedou-est-autiste-et-decouvre-le-monde","status":"publish","type":"product","link":"https:\/\/saccade.ca\/en\/materiel-specialise\/tedou-est-autiste-et-decouvre-le-monde\/","title":{"rendered":"Tedou est autiste et d\u00e9couvre le monde!"},"content":{"rendered":"<p><strong>AUTEUR :<\/strong> Brigitte Harrisson et Lise St-Charles<br \/>\n<strong>ILLUSTRATEUR :<\/strong>\u00a0Yves Harrisson<br \/>\n<strong>35 PAGES\u00a0 \u00a0 | \u00a0 2009<br \/>\n<\/strong>ISBN : 978-2-9809325-5-7<\/p>\n<p>TEDOU est un personnage pour les enfants autistes. Ses livres et ses histoires contiennent des images auxquelles les enfants autistes pourront se r\u00e9f\u00e9rer. Les gens de l\u2019entourage de l\u2019enfant d\u00e9couvriront eux aussi les images de TEDOU. L\u2019ensemble de la collection TEDOU est bas\u00e9 sur les \u00e9tapes principales de d\u00e9veloppement en autisme et sur les besoins sp\u00e9cifiques des enfants autistes.\u00a0 Elle touchera diff\u00e9rents th\u00e8mes importants de la vie quotidienne. Les livres sont des outils en soi qui aident \u00e0 l\u2019apprentissage. Ils sont tous en Langage SACCADE Conceptuel\u00a0<sup>MC<\/sup>, langage cr\u00e9\u00e9 par Brigitte Harrisson et Lise St-Charles, qui fait le pont entre les autistes et les non autistes.<\/p>\n<p>Le premier livre de la s\u00e9rie, TEDOU est autiste et d\u00e9couvre le monde!, explique aux enfants autistes ce qu\u2019est l\u2019autisme \u00e0 l\u2019aide d\u2019images en Langage SACCADE Conceptuel\u00a0<sup>MC<\/sup>.\u00a0 Le livre est d\u2019abord destin\u00e9 \u00e0 l\u2019enfant autiste* (de 7 \u00e0 11 ans ou plus grand avec d\u00e9veloppement plus lent) mais il permettra \u00e0 l\u2019entourage de l\u2019enfant d\u2019avoir les images n\u00e9cessaires pour aborder le sujet de l\u2019autisme.<\/p>\n","protected":false},"excerpt":{"rendered":"AUTEUR : Brigitte Harrisson et Lise St-Charles ILLUSTRATEUR :\u00a0Yves Harrisson 35 PAGES\u00a0 \u00a0 | \u00a0 2009 ISBN : 978-2-9809325-5-7 TEDOU est un personnage pour les enfants autistes. Ses livres et ses histoires contiennent des images auxquelles les enfants autistes pourront se r\u00e9f\u00e9rer. Les gens de l\u2019entourage de l\u2019enfant d\u00e9couvriront eux aussi les images de TEDOU&#8230;. <a class=\"view-article\" href=\"https:\/\/saccade.ca\/en\/materiel-specialise\/tedou-est-autiste-et-decouvre-le-monde\/\">View Article<\/a>","protected":false},"featured_media":1018,"template":"","meta":{"_acf_changed":false},"product_brand":[],"product_cat":[18],"product_tag":[],"class_list":{"0":"post-1017","1":"product","2":"type-product","3":"status-publish","4":"has-post-thumbnail","6":"product_cat-boutique","8":"first","9":"outofstock","10":"taxable","11":"shipping-taxable","12":"purchasable","13":"product-type-simple"},"acf":[],"yoast_head":"<!-- This site is optimized with the Yoast SEO plugin v25.4 - https:\/\/yoast.com\/wordpress\/plugins\/seo\/ -->\n<title>Tedou est autiste et d\u00e9couvre le monde! - Saccade - Centre d&#039;expertise en autisme<\/title>\n<meta name=\"robots\" content=\"index, follow, max-snippet:-1, max-image-preview:large, max-video-preview:-1\" \/>\n<link rel=\"canonical\" href=\"https:\/\/saccade.ca\/materiel-specialise\/tedou-est-autiste-et-decouvre-le-monde\/\" \/>\n<meta property=\"og:locale\" content=\"en_US\" \/>\n<meta property=\"og:type\" content=\"article\" \/>\n<meta property=\"og:title\" content=\"Tedou est autiste et d\u00e9couvre le monde! - Saccade - Centre d&#039;expertise en autisme\" \/>\n<meta property=\"og:description\" content=\"AUTEUR : Brigitte Harrisson et Lise St-Charles ILLUSTRATEUR :\u00a0Yves Harrisson 35 PAGES\u00a0 \u00a0 | \u00a0 2009 ISBN : 978-2-9809325-5-7 TEDOU est un personnage pour les enfants autistes. Ses livres et ses histoires contiennent des images auxquelles les enfants autistes pourront se r\u00e9f\u00e9rer. Les gens de l\u2019entourage de l\u2019enfant d\u00e9couvriront eux aussi les images de TEDOU.... View Article\" \/>\n<meta property=\"og:url\" content=\"https:\/\/saccade.ca\/materiel-specialise\/tedou-est-autiste-et-decouvre-le-monde\/\" \/>\n<meta property=\"og:site_name\" content=\"Saccade - Centre d&#039;expertise en autisme\" \/>\n<meta property=\"article:modified_time\" content=\"2022-12-05T19:56:29+00:00\" \/>\n<meta property=\"og:image\" content=\"https:\/\/saccade.ca\/wp-content\/uploads\/2021\/04\/tedou-est-autiste.png\" \/>\n\t<meta property=\"og:image:width\" content=\"800\" \/>\n\t<meta property=\"og:image:height\" content=\"800\" \/>\n\t<meta property=\"og:image:type\" content=\"image\/png\" \/>\n<meta name=\"twitter:card\" content=\"summary_large_image\" \/>\n<meta name=\"twitter:label1\" content=\"Est. reading time\" \/>\n\t<meta name=\"twitter:data1\" content=\"1 minute\" \/>\n<script type=\"application\/ld+json\" class=\"yoast-schema-graph\">{\"@context\":\"https:\/\/schema.org\",\"@graph\":[{\"@type\":\"WebPage\",\"@id\":\"https:\/\/saccade.ca\/materiel-specialise\/tedou-est-autiste-et-decouvre-le-monde\/\",\"url\":\"https:\/\/saccade.ca\/materiel-specialise\/tedou-est-autiste-et-decouvre-le-monde\/\",\"name\":\"Tedou est autiste et d\u00e9couvre le monde! - Saccade - Centre d&#039;expertise en autisme\",\"isPartOf\":{\"@id\":\"https:\/\/saccade.ca\/#website\"},\"primaryImageOfPage\":{\"@id\":\"https:\/\/saccade.ca\/materiel-specialise\/tedou-est-autiste-et-decouvre-le-monde\/#primaryimage\"},\"image\":{\"@id\":\"https:\/\/saccade.ca\/materiel-specialise\/tedou-est-autiste-et-decouvre-le-monde\/#primaryimage\"},\"thumbnailUrl\":\"https:\/\/saccade.ca\/wp-content\/uploads\/2021\/04\/tedou-est-autiste.png\",\"datePublished\":\"2021-04-14T16:08:56+00:00\",\"dateModified\":\"2022-12-05T19:56:29+00:00\",\"breadcrumb\":{\"@id\":\"https:\/\/saccade.ca\/materiel-specialise\/tedou-est-autiste-et-decouvre-le-monde\/#breadcrumb\"},\"inLanguage\":\"en-US\",\"potentialAction\":[{\"@type\":\"ReadAction\",\"target\":[\"https:\/\/saccade.ca\/materiel-specialise\/tedou-est-autiste-et-decouvre-le-monde\/\"]}]},{\"@type\":\"ImageObject\",\"inLanguage\":\"en-US\",\"@id\":\"https:\/\/saccade.ca\/materiel-specialise\/tedou-est-autiste-et-decouvre-le-monde\/#primaryimage\",\"url\":\"https:\/\/saccade.ca\/wp-content\/uploads\/2021\/04\/tedou-est-autiste.png\",\"contentUrl\":\"https:\/\/saccade.ca\/wp-content\/uploads\/2021\/04\/tedou-est-autiste.png\",\"width\":800,\"height\":800},{\"@type\":\"BreadcrumbList\",\"@id\":\"https:\/\/saccade.ca\/materiel-specialise\/tedou-est-autiste-et-decouvre-le-monde\/#breadcrumb\",\"itemListElement\":[{\"@type\":\"ListItem\",\"position\":1,\"name\":\"Accueil\",\"item\":\"https:\/\/saccade.ca\/en\/\"},{\"@type\":\"ListItem\",\"position\":2,\"name\":\"Mat\u00e9riel sp\u00e9cialis\u00e9\",\"item\":\"https:\/\/saccade.ca\/materiel-specialise\/\"},{\"@type\":\"ListItem\",\"position\":3,\"name\":\"Tedou est autiste et d\u00e9couvre le monde!\"}]},{\"@type\":\"WebSite\",\"@id\":\"https:\/\/saccade.ca\/#website\",\"url\":\"https:\/\/saccade.ca\/\",\"name\":\"Saccade - Centre d&#039;expertise en autisme\",\"description\":\"Une \u00e9quipe de professionnels multidisciplinaires et sp\u00e9cialis\u00e9s en autisme\",\"publisher\":{\"@id\":\"https:\/\/saccade.ca\/#organization\"},\"potentialAction\":[{\"@type\":\"SearchAction\",\"target\":{\"@type\":\"EntryPoint\",\"urlTemplate\":\"https:\/\/saccade.ca\/?s={search_term_string}\"},\"query-input\":{\"@type\":\"PropertyValueSpecification\",\"valueRequired\":true,\"valueName\":\"search_term_string\"}}],\"inLanguage\":\"en-US\"},{\"@type\":\"Organization\",\"@id\":\"https:\/\/saccade.ca\/#organization\",\"name\":\"SACCADE - Centre d'expertise en autisme\",\"url\":\"https:\/\/saccade.ca\/\",\"logo\":{\"@type\":\"ImageObject\",\"inLanguage\":\"en-US\",\"@id\":\"https:\/\/saccade.ca\/#\/schema\/logo\/image\/\",\"url\":\"https:\/\/saccade.ca\/wp-content\/uploads\/2021\/07\/logoFacture.png\",\"contentUrl\":\"https:\/\/saccade.ca\/wp-content\/uploads\/2021\/07\/logoFacture.png\",\"width\":400,\"height\":168,\"caption\":\"SACCADE - Centre d'expertise en autisme\"},\"image\":{\"@id\":\"https:\/\/saccade.ca\/#\/schema\/logo\/image\/\"}}]}<\/script>\n<!-- \/ Yoast SEO plugin. -->","yoast_head_json":{"title":"Tedou est autiste et d\u00e9couvre le monde! - Saccade - Centre d&#039;expertise en autisme","robots":{"index":"index","follow":"follow","max-snippet":"max-snippet:-1","max-image-preview":"max-image-preview:large","max-video-preview":"max-video-preview:-1"},"canonical":"https:\/\/saccade.ca\/materiel-specialise\/tedou-est-autiste-et-decouvre-le-monde\/","og_locale":"en_US","og_type":"article","og_title":"Tedou est autiste et d\u00e9couvre le monde! - Saccade - Centre d&#039;expertise en autisme","og_description":"AUTEUR : Brigitte Harrisson et Lise St-Charles ILLUSTRATEUR :\u00a0Yves Harrisson 35 PAGES\u00a0 \u00a0 | \u00a0 2009 ISBN : 978-2-9809325-5-7 TEDOU est un personnage pour les enfants autistes. Ses livres et ses histoires contiennent des images auxquelles les enfants autistes pourront se r\u00e9f\u00e9rer. Les gens de l\u2019entourage de l\u2019enfant d\u00e9couvriront eux aussi les images de TEDOU.... View Article","og_url":"https:\/\/saccade.ca\/materiel-specialise\/tedou-est-autiste-et-decouvre-le-monde\/","og_site_name":"Saccade - Centre d&#039;expertise en autisme","article_modified_time":"2022-12-05T19:56:29+00:00","og_image":[{"width":800,"height":800,"url":"https:\/\/saccade.ca\/wp-content\/uploads\/2021\/04\/tedou-est-autiste.png","type":"image\/png"}],"twitter_card":"summary_large_image","twitter_misc":{"Est. reading time":"1 minute"},"schema":{"@context":"https:\/\/schema.org","@graph":[{"@type":"WebPage","@id":"https:\/\/saccade.ca\/materiel-specialise\/tedou-est-autiste-et-decouvre-le-monde\/","url":"https:\/\/saccade.ca\/materiel-specialise\/tedou-est-autiste-et-decouvre-le-monde\/","name":"Tedou est autiste et d\u00e9couvre le monde! - Saccade - Centre d&#039;expertise en autisme","isPartOf":{"@id":"https:\/\/saccade.ca\/#website"},"primaryImageOfPage":{"@id":"https:\/\/saccade.ca\/materiel-specialise\/tedou-est-autiste-et-decouvre-le-monde\/#primaryimage"},"image":{"@id":"https:\/\/saccade.ca\/materiel-specialise\/tedou-est-autiste-et-decouvre-le-monde\/#primaryimage"},"thumbnailUrl":"https:\/\/saccade.ca\/wp-content\/uploads\/2021\/04\/tedou-est-autiste.png","datePublished":"2021-04-14T16:08:56+00:00","dateModified":"2022-12-05T19:56:29+00:00","breadcrumb":{"@id":"https:\/\/saccade.ca\/materiel-specialise\/tedou-est-autiste-et-decouvre-le-monde\/#breadcrumb"},"inLanguage":"en-US","potentialAction":[{"@type":"ReadAction","target":["https:\/\/saccade.ca\/materiel-specialise\/tedou-est-autiste-et-decouvre-le-monde\/"]}]},{"@type":"ImageObject","inLanguage":"en-US","@id":"https:\/\/saccade.ca\/materiel-specialise\/tedou-est-autiste-et-decouvre-le-monde\/#primaryimage","url":"https:\/\/saccade.ca\/wp-content\/uploads\/2021\/04\/tedou-est-autiste.png","contentUrl":"https:\/\/saccade.ca\/wp-content\/uploads\/2021\/04\/tedou-est-autiste.png","width":800,"height":800},{"@type":"BreadcrumbList","@id":"https:\/\/saccade.ca\/materiel-specialise\/tedou-est-autiste-et-decouvre-le-monde\/#breadcrumb","itemListElement":[{"@type":"ListItem","position":1,"name":"Accueil","item":"https:\/\/saccade.ca\/en\/"},{"@type":"ListItem","position":2,"name":"Mat\u00e9riel sp\u00e9cialis\u00e9","item":"https:\/\/saccade.ca\/materiel-specialise\/"},{"@type":"ListItem","position":3,"name":"Tedou est autiste et d\u00e9couvre le monde!"}]},{"@type":"WebSite","@id":"https:\/\/saccade.ca\/#website","url":"https:\/\/saccade.ca\/","name":"Saccade - Centre d&#039;expertise en autisme","description":"Une \u00e9quipe de professionnels multidisciplinaires et sp\u00e9cialis\u00e9s en autisme","publisher":{"@id":"https:\/\/saccade.ca\/#organization"},"potentialAction":[{"@type":"SearchAction","target":{"@type":"EntryPoint","urlTemplate":"https:\/\/saccade.ca\/?s={search_term_string}"},"query-input":{"@type":"PropertyValueSpecification","valueRequired":true,"valueName":"search_term_string"}}],"inLanguage":"en-US"},{"@type":"Organization","@id":"https:\/\/saccade.ca\/#organization","name":"SACCADE - Centre d'expertise en autisme","url":"https:\/\/saccade.ca\/","logo":{"@type":"ImageObject","inLanguage":"en-US","@id":"https:\/\/saccade.ca\/#\/schema\/logo\/image\/","url":"https:\/\/saccade.ca\/wp-content\/uploads\/2021\/07\/logoFacture.png","contentUrl":"https:\/\/saccade.ca\/wp-content\/uploads\/2021\/07\/logoFacture.png","width":400,"height":168,"caption":"SACCADE - Centre d'expertise en autisme"},"image":{"@id":"https:\/\/saccade.ca\/#\/schema\/logo\/image\/"}}]}},"_links":{"self":[{"href":"https:\/\/saccade.ca\/en\/wp-json\/wp\/v2\/product\/1017","targetHints":{"allow":["GET"]}}],"collection":[{"href":"https:\/\/saccade.ca\/en\/wp-json\/wp\/v2\/product"}],"about":[{"href":"https:\/\/saccade.ca\/en\/wp-json\/wp\/v2\/types\/product"}],"wp:featuredmedia":[{"embeddable":true,"href":"https:\/\/saccade.ca\/en\/wp-json\/wp\/v2\/media\/1018"}],"wp:attachment":[{"href":"https:\/\/saccade.ca\/en\/wp-json\/wp\/v2\/media?parent=1017"}],"wp:term":[{"taxonomy":"product_brand","embeddable":true,"href":"https:\/\/saccade.ca\/en\/wp-json\/wp\/v2\/product_brand?post=1017"},{"taxonomy":"product_cat","embeddable":true,"href":"https:\/\/saccade.ca\/en\/wp-json\/wp\/v2\/product_cat?post=1017"},{"taxonomy":"product_tag","embeddable":true,"href":"https:\/\/saccade.ca\/en\/wp-json\/wp\/v2\/product_tag?post=1017"}],"curies":[{"name":"wp","href":"https:\/\/api.w.org\/{rel}","templated":true}]}}