{"id":1007,"date":"2021-04-14T12:01:51","date_gmt":"2021-04-14T16:01:51","guid":{"rendered":"https:\/\/www.leviosa.ca\/clients\/saccadewp\/?post_type=product&#038;p=1007"},"modified":"2023-06-20T15:30:42","modified_gmt":"2023-06-20T19:30:42","slug":"lautisme-au-dela-des-apparences","status":"publish","type":"product","link":"https:\/\/saccade.ca\/en\/materiel-specialise\/lautisme-au-dela-des-apparences\/","title":{"rendered":"L&#8217;autisme: au-del\u00e0 des apparences"},"content":{"rendered":"<h3>Le fonctionnement interne de la structure de pens\u00e9e autistique<\/h3>\n<p><strong>AUTEUR :<\/strong>\u00a0Brigitte Harrisson<br \/>\n<strong>COLLABORATION :<\/strong>\u00a0Lise St-Charles<br \/>\n<strong>555 PAGES\u00a0 \u00a0 | \u00a0 2010<\/strong><\/p>\n<p>#Produit : 201004-01|\u00a0 ISBN : 978-2-9811422-0-7<\/p>\n<hr \/>\n<p>Le Fonctionnement interne de la structure de pens\u00e9e autistique. Pour la premi\u00e8re fois, une personne autiste nous permet de comprendre ce qui se passe de l\u2019int\u00e9rieur, \u00e0 partir de ce que nous voyons de l\u2019ext\u00e9rieur. Le fonctionnement interne est une \u00abth\u00e9orie de l\u2019int\u00e9rieur\u00bb qui rend l\u2019explication de la structure cognitive particuli\u00e8re, coh\u00e9rente. Il explique la commande perceptive interne, bas\u00e9e sur les besoins uniques de l\u2019autisme et de ses manifestations provenant de la gestion manuelle de cette structure que l\u2019on confond trop souvent avec des troubles de comportement. Personne n\u2019a enseign\u00e9 aux autistes \u00e0 faire les m\u00eames gestes! Et pourtant, ils ont les m\u00eames manifestations. Il est donc permis de croire qu\u2019il y a un noyau commun chez les autistes.<\/p>\n<p>Le fonctionnement interne a \u00e9t\u00e9 entendu par plus de 16,000 personnes depuis 2003. Il est enseign\u00e9 dans les milieux sp\u00e9cialis\u00e9s en autisme au Qu\u00e9bec et \u00e0 l\u2019ext\u00e9rieur, ainsi que dans les milieux universitaires. Il a donn\u00e9 naissance au mod\u00e8le d\u2019intervention SACCADE\u00a0<sup>MC<\/sup>.<\/p>\n","protected":false},"excerpt":{"rendered":"Le fonctionnement interne de la structure de pens\u00e9e autistique AUTEUR :\u00a0Brigitte Harrisson COLLABORATION :\u00a0Lise St-Charles 555 PAGES\u00a0 \u00a0 | \u00a0 2010 #Produit : 201004-01|\u00a0 ISBN : 978-2-9811422-0-7 Le Fonctionnement interne de la structure de pens\u00e9e autistique. Pour la premi\u00e8re fois, une personne autiste nous permet de comprendre ce qui se passe de l\u2019int\u00e9rieur, \u00e0 partir&#8230; <a class=\"view-article\" href=\"https:\/\/saccade.ca\/en\/materiel-specialise\/lautisme-au-dela-des-apparences\/\">View Article<\/a>","protected":false},"featured_media":1008,"template":"","meta":{"_acf_changed":false},"product_brand":[],"product_cat":[18],"product_tag":[],"class_list":{"0":"post-1007","1":"product","2":"type-product","3":"status-publish","4":"has-post-thumbnail","6":"product_cat-boutique","8":"first","9":"instock","10":"taxable","11":"shipping-taxable","12":"purchasable","13":"product-type-simple"},"acf":[],"yoast_head":"<!-- This site is optimized with the Yoast SEO plugin v25.4 - https:\/\/yoast.com\/wordpress\/plugins\/seo\/ -->\n<title>L&#039;autisme: au-del\u00e0 des apparences - Saccade - Centre d&#039;expertise en autisme<\/title>\n<meta name=\"robots\" content=\"index, follow, max-snippet:-1, max-image-preview:large, max-video-preview:-1\" \/>\n<link rel=\"canonical\" href=\"https:\/\/saccade.ca\/materiel-specialise\/lautisme-au-dela-des-apparences\/\" \/>\n<meta property=\"og:locale\" content=\"en_US\" \/>\n<meta property=\"og:type\" content=\"article\" \/>\n<meta property=\"og:title\" content=\"L&#039;autisme: au-del\u00e0 des apparences - Saccade - Centre d&#039;expertise en autisme\" \/>\n<meta property=\"og:description\" content=\"Le fonctionnement interne de la structure de pens\u00e9e autistique AUTEUR :\u00a0Brigitte Harrisson COLLABORATION :\u00a0Lise St-Charles 555 PAGES\u00a0 \u00a0 | \u00a0 2010 #Produit : 201004-01|\u00a0 ISBN : 978-2-9811422-0-7 Le Fonctionnement interne de la structure de pens\u00e9e autistique. Pour la premi\u00e8re fois, une personne autiste nous permet de comprendre ce qui se passe de l\u2019int\u00e9rieur, \u00e0 partir... View Article\" \/>\n<meta property=\"og:url\" content=\"https:\/\/saccade.ca\/materiel-specialise\/lautisme-au-dela-des-apparences\/\" \/>\n<meta property=\"og:site_name\" content=\"Saccade - Centre d&#039;expertise en autisme\" \/>\n<meta property=\"article:modified_time\" content=\"2023-06-20T19:30:42+00:00\" \/>\n<meta property=\"og:image\" content=\"https:\/\/saccade.ca\/wp-content\/uploads\/2021\/04\/autisme-au-delas.png\" \/>\n\t<meta property=\"og:image:width\" content=\"800\" \/>\n\t<meta property=\"og:image:height\" content=\"800\" \/>\n\t<meta property=\"og:image:type\" content=\"image\/png\" \/>\n<meta name=\"twitter:card\" content=\"summary_large_image\" \/>\n<meta name=\"twitter:label1\" content=\"Est. reading time\" \/>\n\t<meta name=\"twitter:data1\" content=\"1 minute\" \/>\n<script type=\"application\/ld+json\" class=\"yoast-schema-graph\">{\"@context\":\"https:\/\/schema.org\",\"@graph\":[{\"@type\":\"WebPage\",\"@id\":\"https:\/\/saccade.ca\/materiel-specialise\/lautisme-au-dela-des-apparences\/\",\"url\":\"https:\/\/saccade.ca\/materiel-specialise\/lautisme-au-dela-des-apparences\/\",\"name\":\"L'autisme: au-del\u00e0 des apparences - Saccade - Centre d&#039;expertise en autisme\",\"isPartOf\":{\"@id\":\"https:\/\/saccade.ca\/#website\"},\"primaryImageOfPage\":{\"@id\":\"https:\/\/saccade.ca\/materiel-specialise\/lautisme-au-dela-des-apparences\/#primaryimage\"},\"image\":{\"@id\":\"https:\/\/saccade.ca\/materiel-specialise\/lautisme-au-dela-des-apparences\/#primaryimage\"},\"thumbnailUrl\":\"https:\/\/saccade.ca\/wp-content\/uploads\/2021\/04\/autisme-au-delas.png\",\"datePublished\":\"2021-04-14T16:01:51+00:00\",\"dateModified\":\"2023-06-20T19:30:42+00:00\",\"breadcrumb\":{\"@id\":\"https:\/\/saccade.ca\/materiel-specialise\/lautisme-au-dela-des-apparences\/#breadcrumb\"},\"inLanguage\":\"en-US\",\"potentialAction\":[{\"@type\":\"ReadAction\",\"target\":[\"https:\/\/saccade.ca\/materiel-specialise\/lautisme-au-dela-des-apparences\/\"]}]},{\"@type\":\"ImageObject\",\"inLanguage\":\"en-US\",\"@id\":\"https:\/\/saccade.ca\/materiel-specialise\/lautisme-au-dela-des-apparences\/#primaryimage\",\"url\":\"https:\/\/saccade.ca\/wp-content\/uploads\/2021\/04\/autisme-au-delas.png\",\"contentUrl\":\"https:\/\/saccade.ca\/wp-content\/uploads\/2021\/04\/autisme-au-delas.png\",\"width\":800,\"height\":800},{\"@type\":\"BreadcrumbList\",\"@id\":\"https:\/\/saccade.ca\/materiel-specialise\/lautisme-au-dela-des-apparences\/#breadcrumb\",\"itemListElement\":[{\"@type\":\"ListItem\",\"position\":1,\"name\":\"Accueil\",\"item\":\"https:\/\/saccade.ca\/en\/\"},{\"@type\":\"ListItem\",\"position\":2,\"name\":\"Mat\u00e9riel sp\u00e9cialis\u00e9\",\"item\":\"https:\/\/saccade.ca\/materiel-specialise\/\"},{\"@type\":\"ListItem\",\"position\":3,\"name\":\"L&rsquo;autisme: au-del\u00e0 des apparences\"}]},{\"@type\":\"WebSite\",\"@id\":\"https:\/\/saccade.ca\/#website\",\"url\":\"https:\/\/saccade.ca\/\",\"name\":\"Saccade - Centre d&#039;expertise en autisme\",\"description\":\"Une \u00e9quipe de professionnels multidisciplinaires et sp\u00e9cialis\u00e9s en autisme\",\"publisher\":{\"@id\":\"https:\/\/saccade.ca\/#organization\"},\"potentialAction\":[{\"@type\":\"SearchAction\",\"target\":{\"@type\":\"EntryPoint\",\"urlTemplate\":\"https:\/\/saccade.ca\/?s={search_term_string}\"},\"query-input\":{\"@type\":\"PropertyValueSpecification\",\"valueRequired\":true,\"valueName\":\"search_term_string\"}}],\"inLanguage\":\"en-US\"},{\"@type\":\"Organization\",\"@id\":\"https:\/\/saccade.ca\/#organization\",\"name\":\"SACCADE - Centre d'expertise en autisme\",\"url\":\"https:\/\/saccade.ca\/\",\"logo\":{\"@type\":\"ImageObject\",\"inLanguage\":\"en-US\",\"@id\":\"https:\/\/saccade.ca\/#\/schema\/logo\/image\/\",\"url\":\"https:\/\/saccade.ca\/wp-content\/uploads\/2021\/07\/logoFacture.png\",\"contentUrl\":\"https:\/\/saccade.ca\/wp-content\/uploads\/2021\/07\/logoFacture.png\",\"width\":400,\"height\":168,\"caption\":\"SACCADE - Centre d'expertise en autisme\"},\"image\":{\"@id\":\"https:\/\/saccade.ca\/#\/schema\/logo\/image\/\"}}]}<\/script>\n<!-- \/ Yoast SEO plugin. -->","yoast_head_json":{"title":"L'autisme: au-del\u00e0 des apparences - Saccade - Centre d&#039;expertise en autisme","robots":{"index":"index","follow":"follow","max-snippet":"max-snippet:-1","max-image-preview":"max-image-preview:large","max-video-preview":"max-video-preview:-1"},"canonical":"https:\/\/saccade.ca\/materiel-specialise\/lautisme-au-dela-des-apparences\/","og_locale":"en_US","og_type":"article","og_title":"L'autisme: au-del\u00e0 des apparences - Saccade - Centre d&#039;expertise en autisme","og_description":"Le fonctionnement interne de la structure de pens\u00e9e autistique AUTEUR :\u00a0Brigitte Harrisson COLLABORATION :\u00a0Lise St-Charles 555 PAGES\u00a0 \u00a0 | \u00a0 2010 #Produit : 201004-01|\u00a0 ISBN : 978-2-9811422-0-7 Le Fonctionnement interne de la structure de pens\u00e9e autistique. Pour la premi\u00e8re fois, une personne autiste nous permet de comprendre ce qui se passe de l\u2019int\u00e9rieur, \u00e0 partir... View Article","og_url":"https:\/\/saccade.ca\/materiel-specialise\/lautisme-au-dela-des-apparences\/","og_site_name":"Saccade - Centre d&#039;expertise en autisme","article_modified_time":"2023-06-20T19:30:42+00:00","og_image":[{"width":800,"height":800,"url":"https:\/\/saccade.ca\/wp-content\/uploads\/2021\/04\/autisme-au-delas.png","type":"image\/png"}],"twitter_card":"summary_large_image","twitter_misc":{"Est. reading time":"1 minute"},"schema":{"@context":"https:\/\/schema.org","@graph":[{"@type":"WebPage","@id":"https:\/\/saccade.ca\/materiel-specialise\/lautisme-au-dela-des-apparences\/","url":"https:\/\/saccade.ca\/materiel-specialise\/lautisme-au-dela-des-apparences\/","name":"L'autisme: au-del\u00e0 des apparences - Saccade - Centre d&#039;expertise en autisme","isPartOf":{"@id":"https:\/\/saccade.ca\/#website"},"primaryImageOfPage":{"@id":"https:\/\/saccade.ca\/materiel-specialise\/lautisme-au-dela-des-apparences\/#primaryimage"},"image":{"@id":"https:\/\/saccade.ca\/materiel-specialise\/lautisme-au-dela-des-apparences\/#primaryimage"},"thumbnailUrl":"https:\/\/saccade.ca\/wp-content\/uploads\/2021\/04\/autisme-au-delas.png","datePublished":"2021-04-14T16:01:51+00:00","dateModified":"2023-06-20T19:30:42+00:00","breadcrumb":{"@id":"https:\/\/saccade.ca\/materiel-specialise\/lautisme-au-dela-des-apparences\/#breadcrumb"},"inLanguage":"en-US","potentialAction":[{"@type":"ReadAction","target":["https:\/\/saccade.ca\/materiel-specialise\/lautisme-au-dela-des-apparences\/"]}]},{"@type":"ImageObject","inLanguage":"en-US","@id":"https:\/\/saccade.ca\/materiel-specialise\/lautisme-au-dela-des-apparences\/#primaryimage","url":"https:\/\/saccade.ca\/wp-content\/uploads\/2021\/04\/autisme-au-delas.png","contentUrl":"https:\/\/saccade.ca\/wp-content\/uploads\/2021\/04\/autisme-au-delas.png","width":800,"height":800},{"@type":"BreadcrumbList","@id":"https:\/\/saccade.ca\/materiel-specialise\/lautisme-au-dela-des-apparences\/#breadcrumb","itemListElement":[{"@type":"ListItem","position":1,"name":"Accueil","item":"https:\/\/saccade.ca\/en\/"},{"@type":"ListItem","position":2,"name":"Mat\u00e9riel sp\u00e9cialis\u00e9","item":"https:\/\/saccade.ca\/materiel-specialise\/"},{"@type":"ListItem","position":3,"name":"L&rsquo;autisme: au-del\u00e0 des apparences"}]},{"@type":"WebSite","@id":"https:\/\/saccade.ca\/#website","url":"https:\/\/saccade.ca\/","name":"Saccade - Centre d&#039;expertise en autisme","description":"Une \u00e9quipe de professionnels multidisciplinaires et sp\u00e9cialis\u00e9s en autisme","publisher":{"@id":"https:\/\/saccade.ca\/#organization"},"potentialAction":[{"@type":"SearchAction","target":{"@type":"EntryPoint","urlTemplate":"https:\/\/saccade.ca\/?s={search_term_string}"},"query-input":{"@type":"PropertyValueSpecification","valueRequired":true,"valueName":"search_term_string"}}],"inLanguage":"en-US"},{"@type":"Organization","@id":"https:\/\/saccade.ca\/#organization","name":"SACCADE - Centre d'expertise en autisme","url":"https:\/\/saccade.ca\/","logo":{"@type":"ImageObject","inLanguage":"en-US","@id":"https:\/\/saccade.ca\/#\/schema\/logo\/image\/","url":"https:\/\/saccade.ca\/wp-content\/uploads\/2021\/07\/logoFacture.png","contentUrl":"https:\/\/saccade.ca\/wp-content\/uploads\/2021\/07\/logoFacture.png","width":400,"height":168,"caption":"SACCADE - Centre d'expertise en autisme"},"image":{"@id":"https:\/\/saccade.ca\/#\/schema\/logo\/image\/"}}]}},"_links":{"self":[{"href":"https:\/\/saccade.ca\/en\/wp-json\/wp\/v2\/product\/1007","targetHints":{"allow":["GET"]}}],"collection":[{"href":"https:\/\/saccade.ca\/en\/wp-json\/wp\/v2\/product"}],"about":[{"href":"https:\/\/saccade.ca\/en\/wp-json\/wp\/v2\/types\/product"}],"wp:featuredmedia":[{"embeddable":true,"href":"https:\/\/saccade.ca\/en\/wp-json\/wp\/v2\/media\/1008"}],"wp:attachment":[{"href":"https:\/\/saccade.ca\/en\/wp-json\/wp\/v2\/media?parent=1007"}],"wp:term":[{"taxonomy":"product_brand","embeddable":true,"href":"https:\/\/saccade.ca\/en\/wp-json\/wp\/v2\/product_brand?post=1007"},{"taxonomy":"product_cat","embeddable":true,"href":"https:\/\/saccade.ca\/en\/wp-json\/wp\/v2\/product_cat?post=1007"},{"taxonomy":"product_tag","embeddable":true,"href":"https:\/\/saccade.ca\/en\/wp-json\/wp\/v2\/product_tag?post=1007"}],"curies":[{"name":"wp","href":"https:\/\/api.w.org\/{rel}","templated":true}]}}